{"id":248,"date":"2015-07-14T13:27:31","date_gmt":"2015-07-14T13:27:31","guid":{"rendered":"http:\/\/temp\/?page_id=248"},"modified":"2024-09-23T08:17:04","modified_gmt":"2024-09-23T06:17:04","slug":"o-nama","status":"publish","type":"page","link":"https:\/\/studiomavricek.com\/hr\/o-nama\/","title":{"rendered":"O nama"},"content":{"rendered":"<section class=\"wpb-content-wrapper\"><p>[vc_row][vc_column width=&#8221;1\/3&#8243;][vc_custom_heading text=&#8221;Upoznajte nas&#8221; font_container=&#8221;tag:h2|font_size:36px|text_align:left|line_height:1em&#8221; google_fonts=&#8221;font_family:Montserrat%3Aregular%2C700|font_style:700%20bold%20regular%3A700%3Anormal&#8221; css=&#8221;.vc_custom_1676550695179{margin-bottom: 40px !important;}&#8221;][vc_custom_heading text=&#8221;Mi smo Rajani i Mario (gospodin i gospo\u0111a Mavri\u010dek)&#8221; font_container=&#8221;tag:h3|font_size:26px|text_align:left|line_height:1em&#8221; google_fonts=&#8221;font_family:Montserrat%3Aregular%2C700|font_style:700%20bold%20regular%3A700%3Anormal&#8221; css=&#8221;.vc_custom_1727071737005{margin-bottom: 40px !important;}&#8221;][vc_column_text]Nekoliko stvari o nama koje mislimo da biste trebali znati prije nego \u0161to nas u\u010dinite dijelom svog posebnog dana.<\/p>\n<p>Po\u010deli smo na\u0161e osobno i profesionalno putovanje kao fotografi 2010. godine. Susreli smo se na kruzeru zvanom &#8220;Carnival Destiny&#8221;. Radili smo kao fotografi od 2010. do 2014., a krajem 2014. odlu\u010dili smo se vjen\u010dati i skrasiti u prekrasnom gradu Vara\u017edin.[\/vc_column_text][\/vc_column][vc_column width=&#8221;1\/3&#8243;][vc_single_image image=&#8221;1261&#8243; img_size=&#8221;760X1000&#8243; css=&#8221;.vc_custom_1679921461307{margin-bottom: 25px !important;}&#8221;][vc_column_text]<\/p>\n<h4><strong>Rajani<br \/>\n<\/strong><\/h4>\n<p>Video snimateljica i fotografkinja[\/vc_column_text][\/vc_column][vc_column width=&#8221;1\/3&#8243;][vc_single_image image=&#8221;1260&#8243; img_size=&#8221;760X1000&#8243; css=&#8221;.vc_custom_1679921497001{margin-bottom: 25px !important;}&#8221;][vc_column_text]<\/p>\n<h4><strong>Mario<\/strong><\/h4>\n<p>Fotograf i video snimatelj[\/vc_column_text][\/vc_column][\/vc_row][vc_row][vc_column][vc_column_text]<strong>Godine 2015. odlu\u010dili smo nastaviti svoju strast i podijeliti svoje fotografsko zanje i iskustvo s svijetom.<br \/>\n<\/strong>Bez obzira imate li malo intimno vjen\u010danje u krugu obitelji ili veliku zabavu, \u017eelimo da u\u017eivate u svakom trenutku i da ne propustite priliku prisjetiti se tog trenutka. Stoga nam vjerujte i neka budemo dio va\u0161eg posebnog dana i dat \u0107emo sve od sebe da zabilje\u017eimo sve te prekrasne trenutke \u010dine\u0107i vas \u0161to ugodnijim.<\/p>\n<p>Uz fotografiranje volimo putovati\u00a0 i blagoslovljeni smo s dvije prekrasne djevoj\u010dice.[\/vc_column_text][\/vc_column][\/vc_row][vc_row css=&#8221;.vc_custom_1441972266258{border-bottom-width: 60px !important;padding-top: 50px !important;}&#8221;][vc_column][vc_custom_heading text=&#8221;Na\u0161e kompetencije&#8221; font_container=&#8221;tag:h3|font_size:26px|text_align:center|line_height:1em&#8221; google_fonts=&#8221;font_family:Montserrat%3Aregular%2C700|font_style:700%20bold%20regular%3A700%3Anormal&#8221; css=&#8221;.vc_custom_1727071824203{margin-bottom: 100px !important;}&#8221;][vc_row_inner css=&#8221;.vc_custom_1441972830769{margin-bottom: 70px !important;}&#8221;][vc_column_inner width=&#8221;1\/4&#8243; css=&#8221;.vc_custom_1441971909201{padding-right: 20px !important;padding-left: 20px !important;}&#8221;][vc_icon type=&#8221;linecons&#8221; icon_linecons=&#8221;vc_li vc_li-camera&#8221; color=&#8221;custom&#8221; size=&#8221;lg&#8221; align=&#8221;center&#8221; custom_color=&#8221;#555555&#8243;][vc_custom_heading text=&#8221;Fotografiranje i video snimanje&#8221; font_container=&#8221;tag:h3|font_size:20px|text_align:center|line_height:1em&#8221; google_fonts=&#8221;font_family:Montserrat%3Aregular%2C700|font_style:700%20bold%20regular%3A700%3Anormal&#8221; css=&#8221;.vc_custom_1727071841678{margin-top: -15px !important;margin-bottom: 30px !important;}&#8221;][\/vc_column_inner][vc_column_inner width=&#8221;1\/4&#8243; css=&#8221;.vc_custom_1441971915173{padding-right: 20px !important;padding-left: 20px !important;}&#8221;][vc_icon type=&#8221;linecons&#8221; icon_linecons=&#8221;vc_li vc_li-like&#8221; color=&#8221;custom&#8221; size=&#8221;lg&#8221; align=&#8221;center&#8221; custom_color=&#8221;#555555&#8243;][vc_custom_heading text=&#8221;Individualni pristup&#8221; font_container=&#8221;tag:h3|font_size:20px|text_align:center|line_height:1em&#8221; google_fonts=&#8221;font_family:Montserrat%3Aregular%2C700|font_style:700%20bold%20regular%3A700%3Anormal&#8221; css=&#8221;.vc_custom_1727071849402{margin-top: -15px !important;margin-bottom: 30px !important;}&#8221;][\/vc_column_inner][vc_column_inner width=&#8221;1\/4&#8243; css=&#8221;.vc_custom_1441971928150{padding-right: 25px !important;padding-left: 25px !important;}&#8221;][vc_icon type=&#8221;linecons&#8221; color=&#8221;custom&#8221; size=&#8221;lg&#8221; align=&#8221;center&#8221; custom_color=&#8221;#555555&#8243;][vc_custom_heading text=&#8221;Jamstvo kvalitete&#8221; font_container=&#8221;tag:h3|font_size:20px|text_align:center|line_height:1em&#8221; google_fonts=&#8221;font_family:Montserrat%3Aregular%2C700|font_style:700%20bold%20regular%3A700%3Anormal&#8221; css=&#8221;.vc_custom_1727071856873{margin-top: -15px !important;margin-bottom: 30px !important;}&#8221;][\/vc_column_inner][vc_column_inner width=&#8221;1\/4&#8243;][vc_icon type=&#8221;linecons&#8221; icon_linecons=&#8221;vc_li vc_li-bulb&#8221; color=&#8221;custom&#8221; size=&#8221;lg&#8221; align=&#8221;center&#8221; custom_color=&#8221;#555555&#8243;][vc_custom_heading text=&#8221;Kreativnost&#8221; font_container=&#8221;tag:h3|font_size:20px|text_align:center|line_height:1em&#8221; google_fonts=&#8221;font_family:Montserrat%3Aregular%2C700|font_style:700%20bold%20regular%3A700%3Anormal&#8221; css=&#8221;.vc_custom_1727071864037{margin-top: -15px !important;margin-bottom: 30px !important;}&#8221;][\/vc_column_inner][\/vc_row_inner][\/vc_column][\/vc_row]<\/p>\n<\/section>","protected":false},"excerpt":{"rendered":"<p>[vc_row][vc_column width=&#8221;1\/3&#8243;][vc_custom_heading text=&#8221;Upoznajte nas&#8221; font_container=&#8221;tag:h2|font_size:36px|text_align:left|line_height:1em&#8221; google_fonts=&#8221;font_family:Montserrat%3Aregular%2C700|font_style:700%20bold%20regular%3A700%3Anormal&#8221; css=&#8221;.vc_custom_1676550695179{margin-bottom: 40px !important;}&#8221;][vc_custom_heading text=&#8221;Mi smo Rajani i Mario (gospodin i gospo\u0111a Mavri\u010dek)&#8221; font_container=&#8221;tag:h3|font_size:26px|text_align:left|line_height:1em&#8221; google_fonts=&#8221;font_family:Montserrat%3Aregular%2C700|font_style:700%20bold%20regular%3A700%3Anormal&#8221; css=&#8221;.vc_custom_1727071737005{margin-bottom: 40px !important;}&#8221;][vc_column_text]Nekoliko stvari o nama koje mislimo da biste trebali znati prije nego \u0161to nas u\u010dinite dijelom svog posebnog dana. Po\u010deli smo na\u0161e osobno i profesionalno putovanje kao fotografi 2010. godine. Susreli smo se [&hellip;]<\/p>\n","protected":false},"author":2,"featured_media":0,"parent":0,"menu_order":0,"comment_status":"closed","ping_status":"closed","template":"","meta":{"footnotes":""},"class_list":["post-248","page","type-page","status-publish","hentry"],"yoast_head":"<!-- This site is optimized with the Yoast SEO plugin v23.5 - https:\/\/yoast.com\/wordpress\/plugins\/seo\/ -->\n<title>O nama - Studio - Foto i Video Mavri\u010dek<\/title>\n<meta name=\"robots\" content=\"index, follow, max-snippet:-1, max-image-preview:large, max-video-preview:-1\" \/>\n<link rel=\"canonical\" href=\"https:\/\/studiomavricek.com\/hr\/o-nama\/\" \/>\n<meta property=\"og:locale\" content=\"hr_HR\" \/>\n<meta property=\"og:type\" content=\"article\" \/>\n<meta property=\"og:title\" content=\"O nama - Studio - Foto i Video Mavri\u010dek\" \/>\n<meta property=\"og:description\" content=\"[vc_row][vc_column width=&#8221;1\/3&#8243;][vc_custom_heading text=&#8221;Upoznajte nas&#8221; font_container=&#8221;tag:h2|font_size:36px|text_align:left|line_height:1em&#8221; google_fonts=&#8221;font_family:Montserrat%3Aregular%2C700|font_style:700%20bold%20regular%3A700%3Anormal&#8221; css=&#8221;.vc_custom_1676550695179{margin-bottom: 40px !important;}&#8221;][vc_custom_heading text=&#8221;Mi smo Rajani i Mario (gospodin i gospo\u0111a Mavri\u010dek)&#8221; font_container=&#8221;tag:h3|font_size:26px|text_align:left|line_height:1em&#8221; google_fonts=&#8221;font_family:Montserrat%3Aregular%2C700|font_style:700%20bold%20regular%3A700%3Anormal&#8221; css=&#8221;.vc_custom_1727071737005{margin-bottom: 40px !important;}&#8221;][vc_column_text]Nekoliko stvari o nama koje mislimo da biste trebali znati prije nego \u0161to nas u\u010dinite dijelom svog posebnog dana. Po\u010deli smo na\u0161e osobno i profesionalno putovanje kao fotografi 2010. godine. Susreli smo se [&hellip;]\" \/>\n<meta property=\"og:url\" content=\"https:\/\/studiomavricek.com\/hr\/o-nama\/\" \/>\n<meta property=\"og:site_name\" content=\"Studio - Foto i Video Mavri\u010dek\" \/>\n<meta property=\"article:modified_time\" content=\"2024-09-23T06:17:04+00:00\" \/>\n<meta name=\"twitter:card\" content=\"summary_large_image\" \/>\n<meta name=\"twitter:label1\" content=\"Procijenjeno vrijeme \u010ditanja\" \/>\n\t<meta name=\"twitter:data1\" content=\"3 minute\" \/>\n<script type=\"application\/ld+json\" class=\"yoast-schema-graph\">{\"@context\":\"https:\/\/schema.org\",\"@graph\":[{\"@type\":\"WebPage\",\"@id\":\"https:\/\/studiomavricek.com\/hr\/o-nama\/\",\"url\":\"https:\/\/studiomavricek.com\/hr\/o-nama\/\",\"name\":\"O nama - Studio - Foto i Video Mavri\u010dek\",\"isPartOf\":{\"@id\":\"https:\/\/studiomavricek.com\/hr\/#website\"},\"datePublished\":\"2015-07-14T13:27:31+00:00\",\"dateModified\":\"2024-09-23T06:17:04+00:00\",\"breadcrumb\":{\"@id\":\"https:\/\/studiomavricek.com\/hr\/o-nama\/#breadcrumb\"},\"inLanguage\":\"hr\",\"potentialAction\":[{\"@type\":\"ReadAction\",\"target\":[\"https:\/\/studiomavricek.com\/hr\/o-nama\/\"]}]},{\"@type\":\"BreadcrumbList\",\"@id\":\"https:\/\/studiomavricek.com\/hr\/o-nama\/#breadcrumb\",\"itemListElement\":[{\"@type\":\"ListItem\",\"position\":1,\"name\":\"Po\u010detna stranica\",\"item\":\"https:\/\/studiomavricek.com\/hr\/\"},{\"@type\":\"ListItem\",\"position\":2,\"name\":\"O nama\"}]},{\"@type\":\"WebSite\",\"@id\":\"https:\/\/studiomavricek.com\/hr\/#website\",\"url\":\"https:\/\/studiomavricek.com\/hr\/\",\"name\":\"Studio - Foto i Video Mavri\u010dek\",\"description\":\"Preko 10 godina iskustva u fotografiranju i snimanju vjen\u010danja u Hrvatskoj i Americi\",\"potentialAction\":[{\"@type\":\"SearchAction\",\"target\":{\"@type\":\"EntryPoint\",\"urlTemplate\":\"https:\/\/studiomavricek.com\/hr\/?s={search_term_string}\"},\"query-input\":{\"@type\":\"PropertyValueSpecification\",\"valueRequired\":true,\"valueName\":\"search_term_string\"}}],\"inLanguage\":\"hr\"}]}<\/script>\n<!-- \/ Yoast SEO plugin. -->","yoast_head_json":{"title":"O nama - Studio - Foto i Video Mavri\u010dek","robots":{"index":"index","follow":"follow","max-snippet":"max-snippet:-1","max-image-preview":"max-image-preview:large","max-video-preview":"max-video-preview:-1"},"canonical":"https:\/\/studiomavricek.com\/hr\/o-nama\/","og_locale":"hr_HR","og_type":"article","og_title":"O nama - Studio - Foto i Video Mavri\u010dek","og_description":"[vc_row][vc_column width=&#8221;1\/3&#8243;][vc_custom_heading text=&#8221;Upoznajte nas&#8221; font_container=&#8221;tag:h2|font_size:36px|text_align:left|line_height:1em&#8221; google_fonts=&#8221;font_family:Montserrat%3Aregular%2C700|font_style:700%20bold%20regular%3A700%3Anormal&#8221; css=&#8221;.vc_custom_1676550695179{margin-bottom: 40px !important;}&#8221;][vc_custom_heading text=&#8221;Mi smo Rajani i Mario (gospodin i gospo\u0111a Mavri\u010dek)&#8221; font_container=&#8221;tag:h3|font_size:26px|text_align:left|line_height:1em&#8221; google_fonts=&#8221;font_family:Montserrat%3Aregular%2C700|font_style:700%20bold%20regular%3A700%3Anormal&#8221; css=&#8221;.vc_custom_1727071737005{margin-bottom: 40px !important;}&#8221;][vc_column_text]Nekoliko stvari o nama koje mislimo da biste trebali znati prije nego \u0161to nas u\u010dinite dijelom svog posebnog dana. Po\u010deli smo na\u0161e osobno i profesionalno putovanje kao fotografi 2010. godine. Susreli smo se [&hellip;]","og_url":"https:\/\/studiomavricek.com\/hr\/o-nama\/","og_site_name":"Studio - Foto i Video Mavri\u010dek","article_modified_time":"2024-09-23T06:17:04+00:00","twitter_card":"summary_large_image","twitter_misc":{"Procijenjeno vrijeme \u010ditanja":"3 minute"},"schema":{"@context":"https:\/\/schema.org","@graph":[{"@type":"WebPage","@id":"https:\/\/studiomavricek.com\/hr\/o-nama\/","url":"https:\/\/studiomavricek.com\/hr\/o-nama\/","name":"O nama - Studio - Foto i Video Mavri\u010dek","isPartOf":{"@id":"https:\/\/studiomavricek.com\/hr\/#website"},"datePublished":"2015-07-14T13:27:31+00:00","dateModified":"2024-09-23T06:17:04+00:00","breadcrumb":{"@id":"https:\/\/studiomavricek.com\/hr\/o-nama\/#breadcrumb"},"inLanguage":"hr","potentialAction":[{"@type":"ReadAction","target":["https:\/\/studiomavricek.com\/hr\/o-nama\/"]}]},{"@type":"BreadcrumbList","@id":"https:\/\/studiomavricek.com\/hr\/o-nama\/#breadcrumb","itemListElement":[{"@type":"ListItem","position":1,"name":"Po\u010detna stranica","item":"https:\/\/studiomavricek.com\/hr\/"},{"@type":"ListItem","position":2,"name":"O nama"}]},{"@type":"WebSite","@id":"https:\/\/studiomavricek.com\/hr\/#website","url":"https:\/\/studiomavricek.com\/hr\/","name":"Studio - Foto i Video Mavri\u010dek","description":"Preko 10 godina iskustva u fotografiranju i snimanju vjen\u010danja u Hrvatskoj i Americi","potentialAction":[{"@type":"SearchAction","target":{"@type":"EntryPoint","urlTemplate":"https:\/\/studiomavricek.com\/hr\/?s={search_term_string}"},"query-input":{"@type":"PropertyValueSpecification","valueRequired":true,"valueName":"search_term_string"}}],"inLanguage":"hr"}]}},"_links":{"self":[{"href":"https:\/\/studiomavricek.com\/hr\/wp-json\/wp\/v2\/pages\/248","targetHints":{"allow":["GET"]}}],"collection":[{"href":"https:\/\/studiomavricek.com\/hr\/wp-json\/wp\/v2\/pages"}],"about":[{"href":"https:\/\/studiomavricek.com\/hr\/wp-json\/wp\/v2\/types\/page"}],"author":[{"embeddable":true,"href":"https:\/\/studiomavricek.com\/hr\/wp-json\/wp\/v2\/users\/2"}],"replies":[{"embeddable":true,"href":"https:\/\/studiomavricek.com\/hr\/wp-json\/wp\/v2\/comments?post=248"}],"version-history":[{"count":23,"href":"https:\/\/studiomavricek.com\/hr\/wp-json\/wp\/v2\/pages\/248\/revisions"}],"predecessor-version":[{"id":1862,"href":"https:\/\/studiomavricek.com\/hr\/wp-json\/wp\/v2\/pages\/248\/revisions\/1862"}],"wp:attachment":[{"href":"https:\/\/studiomavricek.com\/hr\/wp-json\/wp\/v2\/media?parent=248"}],"curies":[{"name":"wp","href":"https:\/\/api.w.org\/{rel}","templated":true}]}}